{"id":3030,"date":"2025-02-08T12:38:30","date_gmt":"2025-02-08T11:38:30","guid":{"rendered":"https:\/\/imagerie78.com\/?page_id=3030"},"modified":"2025-02-09T11:53:22","modified_gmt":"2025-02-09T10:53:22","slug":"les-clayes-sous-bois","status":"publish","type":"page","link":"https:\/\/imagerie78.com\/index.php\/nos-centres\/les-clayes-sous-bois\/","title":{"rendered":"LES CLAYES SOUS BOIS"},"content":{"rendered":"<div id=\"pl-3030\"  class=\"panel-layout\" ><div id=\"pg-3030-0\"  class=\"panel-grid panel-has-style\" ><div style=\"padding: 0px 0; \" data-overlay=\"true\" class=\"panel-row-style panel-row-style-for-3030-0\" ><div id=\"pgc-3030-0-0\"  class=\"panel-grid-cell\" ><div id=\"panel-3030-0-0-0\" class=\"so-panel widget widget_sow-editor panel-first-child\" data-index=\"0\" ><div\n\t\t\t\n\t\t\tclass=\"so-widget-sow-editor so-widget-sow-editor-base\"\n\t\t\t\n\t\t>\n<div class=\"siteorigin-widget-tinymce textwidget\">\n\t<div class=\"txt_contenu clear\">\n<p><img loading=\"lazy\" decoding=\"async\" class=\"wp-image-3044 size-large aligncenter\" src=\"https:\/\/imagerie78.com\/wp-content\/uploads\/2025\/02\/Centre-Simone-Veil-Les-Clayes-sous-Bois-1024x911.png\" alt=\"\" width=\"1024\" height=\"911\" srcset=\"https:\/\/imagerie78.com\/wp-content\/uploads\/2025\/02\/Centre-Simone-Veil-Les-Clayes-sous-Bois-1024x911.png 1024w, https:\/\/imagerie78.com\/wp-content\/uploads\/2025\/02\/Centre-Simone-Veil-Les-Clayes-sous-Bois-300x267.png 300w, https:\/\/imagerie78.com\/wp-content\/uploads\/2025\/02\/Centre-Simone-Veil-Les-Clayes-sous-Bois-768x683.png 768w, https:\/\/imagerie78.com\/wp-content\/uploads\/2025\/02\/Centre-Simone-Veil-Les-Clayes-sous-Bois-830x739.png 830w, https:\/\/imagerie78.com\/wp-content\/uploads\/2025\/02\/Centre-Simone-Veil-Les-Clayes-sous-Bois-230x205.png 230w, https:\/\/imagerie78.com\/wp-content\/uploads\/2025\/02\/Centre-Simone-Veil-Les-Clayes-sous-Bois-350x311.png 350w, https:\/\/imagerie78.com\/wp-content\/uploads\/2025\/02\/Centre-Simone-Veil-Les-Clayes-sous-Bois-480x427.png 480w, https:\/\/imagerie78.com\/wp-content\/uploads\/2025\/02\/Centre-Simone-Veil-Les-Clayes-sous-Bois.png 1280w\" sizes=\"auto, (max-width: 1024px) 100vw, 1024px\" \/><\/p>\n<p>Le centre d'Imagerie M\u00e9dicale Simone VEIL des Clayes Sous Bois est situ\u00e9 \u00e0 l'angle de l'avenue Jules Ferry et de la rue Paul Langevin, au sein de la MSP des Clayes-sous-Bois.<\/p>\n<\/div>\n<\/div>\n<\/div><\/div><div id=\"panel-3030-0-0-1\" class=\"so-panel widget widget_sydney_services_type_a sydney_services_widget\" data-index=\"1\" >\t\t\t\r\n\t\t\t\t\t\t\t\t\t\t\t\t\t\t\t\t\t\t\t<div class=\"service col-md-4\">\r\n\t\t\t\t\t\t\t\t\t<div class=\"roll-icon-box\">\r\n\t\t\t\t\t\t\t\t\t\r\n\t\t\t\t\t\t\t<div class=\"icon\">\r\n\t\t\t\t\t\t\t\t\t\t\t\t\t\t\t\t\t<i class=\"fa fa-check-circle-o\"><\/i>\t\t\t\t\t\t\t\t\t\t\t\t\t\t\t<\/div>\r\n\t\t\t\t\t\t\t\t\t\t\t\t<div class=\"content\">\r\n\t\t\t\t\t\t\t<h3>\r\n\t\t\t\t\t\t\t\t\t\t\t\t\t\t\t\t\tEchographie g\u00e9n\u00e9rale\t\t\t\t\t\t\t\t\t\t\t\t\t\t\t<\/h3>\r\n\t\t\t\t\t\t\t\t\t\t\t\t\t\t\t\r\n\t\t\t\t\t\t\t\t\t\t\t\t\t\t\t\t\t\t\t\t\t<\/div><!--.info-->\t\r\n\t\t\t\t\t<\/div>\r\n\t\t\t\t<\/div>\r\n\t\t\t\t\t\t\t\t\t\t\t\t\t\t\t\t\t\t\t<div class=\"service col-md-4\">\r\n\t\t\t\t\t\t\t\t\t<div class=\"roll-icon-box\">\r\n\t\t\t\t\t\t\t\t\t\r\n\t\t\t\t\t\t\t<div class=\"icon\">\r\n\t\t\t\t\t\t\t\t\t\t\t\t\t\t\t\t\t<i class=\"fa fa-check-circle-o\"><\/i>\t\t\t\t\t\t\t\t\t\t\t\t\t\t\t<\/div>\r\n\t\t\t\t\t\t\t\t\t\t\t\t<div class=\"content\">\r\n\t\t\t\t\t\t\t<h3>\r\n\t\t\t\t\t\t\t\t\t\t\t\t\t\t\t\t\tRadiologie\t\t\t\t\t\t\t\t\t\t\t\t\t\t\t<\/h3>\r\n\t\t\t\t\t\t\t\t\t\t\t\t\t\t\t\r\n\t\t\t\t\t\t\t\t\t\t\t\t\t\t\t\t\t\t\t\t\t<\/div><!--.info-->\t\r\n\t\t\t\t\t<\/div>\r\n\t\t\t\t<\/div>\r\n\t\t\t\r\n\t\t\t\t\t\t\t\r\n\t<\/div><div id=\"panel-3030-0-0-2\" class=\"so-panel widget widget_sow-editor panel-last-child\" data-index=\"2\" ><div\n\t\t\t\n\t\t\tclass=\"so-widget-sow-editor so-widget-sow-editor-base\"\n\t\t\t\n\t\t>\n<div class=\"siteorigin-widget-tinymce textwidget\">\n\t<div class=\"txt_contenu clear\">\n<h6>Nos horaires<\/h6>\n<\/div>\n<div class=\"txt_contenu clear\">\n<p><span style=\"line-height: 1.5;\">\n<table id=\"tablepress-15\" class=\"tablepress tablepress-id-15\">\n<thead>\n<tr class=\"row-1\">\n\t<th class=\"column-1\">Jour<\/th><th class=\"column-2\">Matin<\/th><th class=\"column-3\">Apr\u00e8s-midi<\/th>\n<\/tr>\n<\/thead>\n<tbody class=\"row-striping row-hover\">\n<tr class=\"row-2\">\n\t<td class=\"column-1\">Lundi<\/td><td class=\"column-2\">08h30 \u00e0 13h<\/td><td class=\"column-3\">14h \u00e0 19h<\/td>\n<\/tr>\n<tr class=\"row-3\">\n\t<td class=\"column-1\">Mardi<\/td><td class=\"column-2\">08h30 \u00e0 13h<\/td><td class=\"column-3\">14h \u00e0 19h<\/td>\n<\/tr>\n<tr class=\"row-4\">\n\t<td class=\"column-1\">Mercredi<\/td><td class=\"column-2\">08h30 \u00e0 13h<\/td><td class=\"column-3\">14h \u00e0 19h<\/td>\n<\/tr>\n<tr class=\"row-5\">\n\t<td class=\"column-1\">Jeudi<\/td><td class=\"column-2\">08h30 \u00e0 13h<\/td><td class=\"column-3\">14h \u00e0 19h<\/td>\n<\/tr>\n<tr class=\"row-6\">\n\t<td class=\"column-1\">Vendredi<\/td><td class=\"column-2\">08h30 \u00e0 13h<\/td><td class=\"column-3\">14h \u00e0 19h<\/td>\n<\/tr>\n<tr class=\"row-7\">\n\t<td class=\"column-1\">Samedi<\/td><td class=\"column-2\">Ferm\u00e9<\/td><td class=\"column-3\">Ferm\u00e9<\/td>\n<\/tr>\n<tr class=\"row-8\">\n\t<td class=\"column-1\">Dimanche<\/td><td class=\"column-2\">Ferm\u00e9<\/td><td class=\"column-3\">Ferm\u00e9<\/td>\n<\/tr>\n<\/tbody>\n<\/table>\n<!-- #tablepress-15 from cache --><\/span><\/p>\n<\/div>\n<\/div>\n<\/div><\/div><\/div><div id=\"pgc-3030-0-1\"  class=\"panel-grid-cell\" ><div id=\"panel-3030-0-1-0\" class=\"so-panel widget widget_sydney_action sydney_action_widget panel-first-child\" data-index=\"3\" ><div class=\"panel-widget-style panel-widget-style-for-3030-0-1-0\" >        <div class=\"roll-promobox \">\r\n\t\t\t<div class=\"promo-wrap\">\r\n\t\t\t\t\t\t\t\t<div class=\"promo-content\">\r\n\t\t\t\t\t<h3 class=\"title\">Prendre rendez-vous en t\u00e9l\u00e9phonant<br>\nau 01 84 75 37 10<\/h3>\r\n\t\t\t\t<\/div>\r\n\t\t\t\t\t\t\t\t<div class=\"promo-controls\">\r\n\t\t\t\t\t<a href=\"https:\/\/www.doctolib.fr\/centre-d-imagerie-medicale\/plaisir\/imagerie-medicale-78\/booking\/motive-categories?specialityId=11&#038;telehealth=false&#038;placeId=practice-652918&#038;pid=practice-652918&#038;bookingFunnelSource=profile\" class=\"roll-button border\">Prendre un rendez-vous en ligne(*)<\/a>\r\n\t\t\t\t<\/div>\r\n\t\t\t<\/div>\r\n        <\/div>\r\n\t<\/div><\/div><div id=\"panel-3030-0-1-1\" class=\"so-panel widget widget_sow-editor\" data-index=\"4\" ><div\n\t\t\t\n\t\t\tclass=\"so-widget-sow-editor so-widget-sow-editor-base\"\n\t\t\t\n\t\t>\n<div class=\"siteorigin-widget-tinymce textwidget\">\n\t<blockquote><p>(*) La prise de rendez vous sur internet n'est pas disponible pour tous les examens.<br \/>\nCertains examens particuliers n\u00e9cessitent un contact direct avec le secr\u00e9tariat.<\/p>\n<p>Vous pouvez joindre votre ordonnance ou tout \u00e9l\u00e9ment permettant de traiter votre dossier.<br \/>\n<strong>La prise de rendez vous pour une infiltration ne se fait que par t\u00e9l\u00e9phone.<\/strong><br \/>\nVous pouvez <a href=\"\/#sidebar-footer\">envoyer un mail<\/a> avec vos coordonn\u00e9es t\u00e9l\u00e9phoniques afin qu'une secr\u00e9taire vous rappelle et vous donne un rendez vous.<\/p><\/blockquote>\n<\/div>\n<\/div><\/div><div id=\"panel-3030-0-1-2\" class=\"so-panel widget widget_sow-editor\" data-index=\"5\" ><div\n\t\t\t\n\t\t\tclass=\"so-widget-sow-editor so-widget-sow-editor-base\"\n\t\t\t\n\t\t>\n<div class=\"siteorigin-widget-tinymce textwidget\">\n\t<h6 class=\"txt_contenu clear\">\u00a0Coordonn\u00e9es<\/h6>\n<ul class=\"txt_contenu clear\">\n<li class=\"bg_puce\"><strong>Adresse : <\/strong>31 Avenue Jules Ferry, 78340 Les Clayes Sous Bois<\/li>\n<li><strong>T\u00e9l\u00e9phone :<\/strong>01 84 75 37 10<\/li>\n<li><strong>Mail : <\/strong>simoneveil@imagerie78.com<\/li>\n<\/ul>\n<\/div>\n<\/div><\/div><div id=\"panel-3030-0-1-3\" class=\"so-panel widget widget_sow-editor panel-last-child\" data-index=\"6\" ><div\n\t\t\t\n\t\t\tclass=\"so-widget-sow-editor so-widget-sow-editor-base\"\n\t\t\t\n\t\t>\n<div class=\"siteorigin-widget-tinymce textwidget\">\n\t<p><iframe loading=\"lazy\" width=\"425\" height=\"350\" src=\"https:\/\/www.openstreetmap.org\/export\/embed.html?bbox=1.8690490722656252%2C48.77406648320601%2C2.0956420898437504%2C48.87171565817035&amp;layer=mapnik&amp;marker=48.82291485286295%2C1.9823455810546875\" style=\"border: 1px solid black\"><\/iframe><br \/><small><a href=\"https:\/\/www.openstreetmap.org\/?mlat=48.82291&amp;mlon=1.98235#map=13\/48.82291\/1.98235\">Afficher la carte<\/a><\/small><\/p>\n<\/div>\n<\/div><\/div><\/div><\/div><\/div><div id=\"pg-3030-1\"  class=\"panel-grid panel-has-style\" ><div style=\"padding: 100px 0; \" data-overlay=\"true\" class=\"panel-row-style panel-row-style-for-3030-1\" ><div id=\"pgc-3030-1-0\"  class=\"panel-grid-cell\" ><div id=\"panel-3030-1-0-0\" class=\"so-panel widget widget_sydney_employees sydney_employees_widget panel-first-child panel-last-child\" data-index=\"7\" >\r\n\t\t<h3 class=\"widget-title\">Les sp\u00e9cialistes exer\u00e7ant dans ce centre<\/h3>\r\n\t\t<div class=\"roll-team carousel owl-carousel\" data-widgetid=\"employees-widget-1-0-0\">\r\n\t\t\t\t\t\t\t\t\t\t<div class=\"team-item\">\r\n\t\t\t    <div class=\"team-inner\">\r\n\t\t\t        <div class=\"pop-overlay\">\r\n\t\t\t            <div class=\"team-pop\">\r\n\t\t\t                <div class=\"team-info\">\r\n\t\t\t\t\t\t\t\t<div class=\"name\">Dr B\u00e9r\u00e9nice HAQUET CASTANEDO<\/div>\r\n\t\t\t\t\t\t\t\t<div class=\"pos\">Radiologie g\u00e9n\u00e9rale, Mammographie, Echographie, Doppler, Scanner, IRM<\/div>\r\n\t\t\t\t\t\t\t\t<ul class=\"team-social\">\r\n\t\t\t\t\t\t\t\t\t\t\t\t\t\t\t\t\t\t\t\t\t\t\t\t\t\t\t\t\t\t\t\t\t\t\t<\/ul>\r\n\t\t\t                <\/div>\r\n\t\t\t            <\/div>\r\n\t\t\t        <\/div>\r\n\t\t\t\t\t\t\t\t\t\t<div class=\"avatar\">\r\n\t\t\t\t\t\t<img loading=\"lazy\" decoding=\"async\" width=\"420\" height=\"400\" src=\"https:\/\/imagerie78.com\/wp-content\/uploads\/2016\/09\/Docteur-Berenice-HAQUET-CASTANEDO_vignette-420x400.png\" class=\"attachment-sydney-medium-thumb size-sydney-medium-thumb wp-post-image\" alt=\"\" \/>\t\t\t\t\t<\/div>\r\n\t\t\t\t\t\t\t\t    <\/div>\r\n\t\t\t    <div class=\"team-content\">\r\n\t\t\t        <div class=\"name\">\r\n\t\t\t        \t\t\t\t        \t\t<a href=\"http:\/\/imagerie78.com\/index.php\/employees\/docteur-berenice-haquet-castanedo\">Dr B\u00e9r\u00e9nice HAQUET CASTANEDO<\/a>\r\n\t\t\t        \t\t\t\t        <\/div>\r\n\t\t\t        <div class=\"pos\">Radiologie g\u00e9n\u00e9rale, Mammographie, Echographie, Doppler, Scanner, IRM<\/div>\r\n\t\t\t    <\/div>\r\n\t\t\t<\/div><!-- \/.team-item -->\r\n\r\n\t\t\t\t\t\t\t\t\t\t<div class=\"team-item\">\r\n\t\t\t    <div class=\"team-inner\">\r\n\t\t\t        <div class=\"pop-overlay\">\r\n\t\t\t            <div class=\"team-pop\">\r\n\t\t\t                <div class=\"team-info\">\r\n\t\t\t\t\t\t\t\t<div class=\"name\">Dr Dominique CABRAL<\/div>\r\n\t\t\t\t\t\t\t\t<div class=\"pos\">Radiologie g\u00e9n\u00e9rale, Mammographie, Echographie, Doppler, Scanner, IRM<\/div>\r\n\t\t\t\t\t\t\t\t<ul class=\"team-social\">\r\n\t\t\t\t\t\t\t\t\t\t\t\t\t\t\t\t\t\t\t\t\t\t\t\t\t\t\t\t\t\t\t\t\t\t\t<\/ul>\r\n\t\t\t                <\/div>\r\n\t\t\t            <\/div>\r\n\t\t\t        <\/div>\r\n\t\t\t\t\t\t\t\t\t\t<div class=\"avatar\">\r\n\t\t\t\t\t\t<img loading=\"lazy\" decoding=\"async\" width=\"420\" height=\"400\" src=\"https:\/\/imagerie78.com\/wp-content\/uploads\/2016\/09\/Docteur-Dominique-CABRAL_vignette-420x400.png\" class=\"attachment-sydney-medium-thumb size-sydney-medium-thumb wp-post-image\" alt=\"\" \/>\t\t\t\t\t<\/div>\r\n\t\t\t\t\t\t\t\t    <\/div>\r\n\t\t\t    <div class=\"team-content\">\r\n\t\t\t        <div class=\"name\">\r\n\t\t\t        \t\t\t\t        \t\t<a href=\"https:\/\/imagerie78.com\/index.php\/employees\/dr-dominique-cabral\/\">Dr Dominique CABRAL<\/a>\r\n\t\t\t        \t\t\t\t        <\/div>\r\n\t\t\t        <div class=\"pos\">Radiologie g\u00e9n\u00e9rale, Mammographie, Echographie, Doppler, Scanner, IRM<\/div>\r\n\t\t\t    <\/div>\r\n\t\t\t<\/div><!-- \/.team-item -->\r\n\r\n\t\t\t\t\t\t\t\t\t\t<div class=\"team-item\">\r\n\t\t\t    <div class=\"team-inner\">\r\n\t\t\t        <div class=\"pop-overlay\">\r\n\t\t\t            <div class=\"team-pop\">\r\n\t\t\t                <div class=\"team-info\">\r\n\t\t\t\t\t\t\t\t<div class=\"name\">Dr Bertrand AVELINE<\/div>\r\n\t\t\t\t\t\t\t\t<div class=\"pos\">Radiologie g\u00e9n\u00e9rale, Mammographie, Echographie, Doppler, Scanner, IRM<\/div>\r\n\t\t\t\t\t\t\t\t<ul class=\"team-social\">\r\n\t\t\t\t\t\t\t\t\t\t\t\t\t\t\t\t\t\t\t\t\t\t\t\t\t\t\t\t\t\t\t\t\t\t\t<\/ul>\r\n\t\t\t                <\/div>\r\n\t\t\t            <\/div>\r\n\t\t\t        <\/div>\r\n\t\t\t\t\t\t\t\t\t\t<div class=\"avatar\">\r\n\t\t\t\t\t\t<img loading=\"lazy\" decoding=\"async\" width=\"420\" height=\"400\" src=\"https:\/\/imagerie78.com\/wp-content\/uploads\/2016\/09\/Silhouette-homme-420x400.png\" class=\"attachment-sydney-medium-thumb size-sydney-medium-thumb wp-post-image\" alt=\"\" \/>\t\t\t\t\t<\/div>\r\n\t\t\t\t\t\t\t\t    <\/div>\r\n\t\t\t    <div class=\"team-content\">\r\n\t\t\t        <div class=\"name\">\r\n\t\t\t        \t\t\t\t        \t\t<a href=\"http:\/\/imagerie78.com\/index.php\/employees\/docteur-bertrand-aveline\">Dr Bertrand AVELINE<\/a>\r\n\t\t\t        \t\t\t\t        <\/div>\r\n\t\t\t        <div class=\"pos\">Radiologie g\u00e9n\u00e9rale, Mammographie, Echographie, Doppler, Scanner, IRM<\/div>\r\n\t\t\t    <\/div>\r\n\t\t\t<\/div><!-- \/.team-item -->\r\n\r\n\t\t\t\t\t<\/div>\r\n\r\n\t\t\t\r\n\t\r\n\t<style>@media only screen and (min-width: 971px) {[data-widgetid=\"employees-widget-1-0-0\"].roll-team .owl-wrapper { text-align: center; width: 100% !important; }[data-widgetid=\"employees-widget-1-0-0\"].roll-team.owl-carousel .owl-item { float: none; display: inline-block; }}<\/style>\r\n<\/div><\/div><\/div><\/div><\/div>","protected":false},"excerpt":{"rendered":"<p>Le centre d&rsquo;Imagerie M\u00e9dicale Simone VEIL des Clayes Sous Bois [&hellip;]<\/p>\n","protected":false},"author":2,"featured_media":0,"parent":646,"menu_order":0,"comment_status":"closed","ping_status":"closed","template":"page-templates\/page_fullwidth.php","meta":{"footnotes":""},"class_list":["post-3030","page","type-page","status-publish","hentry"],"yoast_head":"<!-- This site is optimized with the Yoast SEO plugin v27.4 - https:\/\/yoast.com\/product\/yoast-seo-wordpress\/ -->\n<title>LES CLAYES SOUS BOIS - Imagerie m\u00e9dicale 78<\/title>\n<meta name=\"robots\" content=\"index, follow, max-snippet:-1, max-image-preview:large, max-video-preview:-1\" \/>\n<link rel=\"canonical\" href=\"https:\/\/imagerie78.com\/index.php\/nos-centres\/les-clayes-sous-bois\/\" \/>\n<meta property=\"og:locale\" content=\"fr_FR\" \/>\n<meta property=\"og:type\" content=\"article\" \/>\n<meta property=\"og:title\" content=\"LES CLAYES SOUS BOIS - Imagerie m\u00e9dicale 78\" \/>\n<meta property=\"og:description\" content=\"Le centre d&#039;Imagerie M\u00e9dicale Simone VEIL des Clayes Sous Bois [&hellip;]\" \/>\n<meta property=\"og:url\" content=\"https:\/\/imagerie78.com\/index.php\/nos-centres\/les-clayes-sous-bois\/\" \/>\n<meta property=\"og:site_name\" content=\"Imagerie m\u00e9dicale 78\" \/>\n<meta property=\"article:modified_time\" content=\"2025-02-09T10:53:22+00:00\" \/>\n<meta property=\"og:image\" content=\"https:\/\/imagerie78.com\/wp-content\/uploads\/2025\/02\/Centre-Simone-Veil-Les-Clayes-sous-Bois-1024x911.png\" \/>\n<meta name=\"twitter:card\" content=\"summary_large_image\" \/>\n<meta name=\"twitter:label1\" content=\"Dur\u00e9e de lecture estim\u00e9e\" \/>\n\t<meta name=\"twitter:data1\" content=\"2 minutes\" \/>\n<script type=\"application\/ld+json\" class=\"yoast-schema-graph\">{\"@context\":\"https:\\\/\\\/schema.org\",\"@graph\":[{\"@type\":\"WebPage\",\"@id\":\"https:\\\/\\\/imagerie78.com\\\/index.php\\\/nos-centres\\\/les-clayes-sous-bois\\\/\",\"url\":\"https:\\\/\\\/imagerie78.com\\\/index.php\\\/nos-centres\\\/les-clayes-sous-bois\\\/\",\"name\":\"LES CLAYES SOUS BOIS - Imagerie m\u00e9dicale 78\",\"isPartOf\":{\"@id\":\"https:\\\/\\\/imagerie78.com\\\/#website\"},\"primaryImageOfPage\":{\"@id\":\"https:\\\/\\\/imagerie78.com\\\/index.php\\\/nos-centres\\\/les-clayes-sous-bois\\\/#primaryimage\"},\"image\":{\"@id\":\"https:\\\/\\\/imagerie78.com\\\/index.php\\\/nos-centres\\\/les-clayes-sous-bois\\\/#primaryimage\"},\"thumbnailUrl\":\"https:\\\/\\\/imagerie78.com\\\/wp-content\\\/uploads\\\/2025\\\/02\\\/Centre-Simone-Veil-Les-Clayes-sous-Bois-1024x911.png\",\"datePublished\":\"2025-02-08T11:38:30+00:00\",\"dateModified\":\"2025-02-09T10:53:22+00:00\",\"breadcrumb\":{\"@id\":\"https:\\\/\\\/imagerie78.com\\\/index.php\\\/nos-centres\\\/les-clayes-sous-bois\\\/#breadcrumb\"},\"inLanguage\":\"fr-FR\",\"potentialAction\":[{\"@type\":\"ReadAction\",\"target\":[\"https:\\\/\\\/imagerie78.com\\\/index.php\\\/nos-centres\\\/les-clayes-sous-bois\\\/\"]}]},{\"@type\":\"ImageObject\",\"inLanguage\":\"fr-FR\",\"@id\":\"https:\\\/\\\/imagerie78.com\\\/index.php\\\/nos-centres\\\/les-clayes-sous-bois\\\/#primaryimage\",\"url\":\"https:\\\/\\\/imagerie78.com\\\/wp-content\\\/uploads\\\/2025\\\/02\\\/Centre-Simone-Veil-Les-Clayes-sous-Bois.png\",\"contentUrl\":\"https:\\\/\\\/imagerie78.com\\\/wp-content\\\/uploads\\\/2025\\\/02\\\/Centre-Simone-Veil-Les-Clayes-sous-Bois.png\",\"width\":1280,\"height\":1139},{\"@type\":\"BreadcrumbList\",\"@id\":\"https:\\\/\\\/imagerie78.com\\\/index.php\\\/nos-centres\\\/les-clayes-sous-bois\\\/#breadcrumb\",\"itemListElement\":[{\"@type\":\"ListItem\",\"position\":1,\"name\":\"Accueil\",\"item\":\"https:\\\/\\\/imagerie78.com\\\/\"},{\"@type\":\"ListItem\",\"position\":2,\"name\":\"Nos centres\",\"item\":\"https:\\\/\\\/imagerie78.com\\\/index.php\\\/nos-centres\\\/\"},{\"@type\":\"ListItem\",\"position\":3,\"name\":\"LES CLAYES SOUS BOIS\"}]},{\"@type\":\"WebSite\",\"@id\":\"https:\\\/\\\/imagerie78.com\\\/#website\",\"url\":\"https:\\\/\\\/imagerie78.com\\\/\",\"name\":\"Imagerie m\u00e9dicale 78\",\"description\":\"\",\"potentialAction\":[{\"@type\":\"SearchAction\",\"target\":{\"@type\":\"EntryPoint\",\"urlTemplate\":\"https:\\\/\\\/imagerie78.com\\\/?s={search_term_string}\"},\"query-input\":{\"@type\":\"PropertyValueSpecification\",\"valueRequired\":true,\"valueName\":\"search_term_string\"}}],\"inLanguage\":\"fr-FR\"}]}<\/script>\n<!-- \/ Yoast SEO plugin. -->","yoast_head_json":{"title":"LES CLAYES SOUS BOIS - Imagerie m\u00e9dicale 78","robots":{"index":"index","follow":"follow","max-snippet":"max-snippet:-1","max-image-preview":"max-image-preview:large","max-video-preview":"max-video-preview:-1"},"canonical":"https:\/\/imagerie78.com\/index.php\/nos-centres\/les-clayes-sous-bois\/","og_locale":"fr_FR","og_type":"article","og_title":"LES CLAYES SOUS BOIS - Imagerie m\u00e9dicale 78","og_description":"Le centre d'Imagerie M\u00e9dicale Simone VEIL des Clayes Sous Bois [&hellip;]","og_url":"https:\/\/imagerie78.com\/index.php\/nos-centres\/les-clayes-sous-bois\/","og_site_name":"Imagerie m\u00e9dicale 78","article_modified_time":"2025-02-09T10:53:22+00:00","og_image":[{"url":"https:\/\/imagerie78.com\/wp-content\/uploads\/2025\/02\/Centre-Simone-Veil-Les-Clayes-sous-Bois-1024x911.png","type":"","width":"","height":""}],"twitter_card":"summary_large_image","twitter_misc":{"Dur\u00e9e de lecture estim\u00e9e":"2 minutes"},"schema":{"@context":"https:\/\/schema.org","@graph":[{"@type":"WebPage","@id":"https:\/\/imagerie78.com\/index.php\/nos-centres\/les-clayes-sous-bois\/","url":"https:\/\/imagerie78.com\/index.php\/nos-centres\/les-clayes-sous-bois\/","name":"LES CLAYES SOUS BOIS - Imagerie m\u00e9dicale 78","isPartOf":{"@id":"https:\/\/imagerie78.com\/#website"},"primaryImageOfPage":{"@id":"https:\/\/imagerie78.com\/index.php\/nos-centres\/les-clayes-sous-bois\/#primaryimage"},"image":{"@id":"https:\/\/imagerie78.com\/index.php\/nos-centres\/les-clayes-sous-bois\/#primaryimage"},"thumbnailUrl":"https:\/\/imagerie78.com\/wp-content\/uploads\/2025\/02\/Centre-Simone-Veil-Les-Clayes-sous-Bois-1024x911.png","datePublished":"2025-02-08T11:38:30+00:00","dateModified":"2025-02-09T10:53:22+00:00","breadcrumb":{"@id":"https:\/\/imagerie78.com\/index.php\/nos-centres\/les-clayes-sous-bois\/#breadcrumb"},"inLanguage":"fr-FR","potentialAction":[{"@type":"ReadAction","target":["https:\/\/imagerie78.com\/index.php\/nos-centres\/les-clayes-sous-bois\/"]}]},{"@type":"ImageObject","inLanguage":"fr-FR","@id":"https:\/\/imagerie78.com\/index.php\/nos-centres\/les-clayes-sous-bois\/#primaryimage","url":"https:\/\/imagerie78.com\/wp-content\/uploads\/2025\/02\/Centre-Simone-Veil-Les-Clayes-sous-Bois.png","contentUrl":"https:\/\/imagerie78.com\/wp-content\/uploads\/2025\/02\/Centre-Simone-Veil-Les-Clayes-sous-Bois.png","width":1280,"height":1139},{"@type":"BreadcrumbList","@id":"https:\/\/imagerie78.com\/index.php\/nos-centres\/les-clayes-sous-bois\/#breadcrumb","itemListElement":[{"@type":"ListItem","position":1,"name":"Accueil","item":"https:\/\/imagerie78.com\/"},{"@type":"ListItem","position":2,"name":"Nos centres","item":"https:\/\/imagerie78.com\/index.php\/nos-centres\/"},{"@type":"ListItem","position":3,"name":"LES CLAYES SOUS BOIS"}]},{"@type":"WebSite","@id":"https:\/\/imagerie78.com\/#website","url":"https:\/\/imagerie78.com\/","name":"Imagerie m\u00e9dicale 78","description":"","potentialAction":[{"@type":"SearchAction","target":{"@type":"EntryPoint","urlTemplate":"https:\/\/imagerie78.com\/?s={search_term_string}"},"query-input":{"@type":"PropertyValueSpecification","valueRequired":true,"valueName":"search_term_string"}}],"inLanguage":"fr-FR"}]}},"_links":{"self":[{"href":"https:\/\/imagerie78.com\/index.php\/wp-json\/wp\/v2\/pages\/3030","targetHints":{"allow":["GET"]}}],"collection":[{"href":"https:\/\/imagerie78.com\/index.php\/wp-json\/wp\/v2\/pages"}],"about":[{"href":"https:\/\/imagerie78.com\/index.php\/wp-json\/wp\/v2\/types\/page"}],"author":[{"embeddable":true,"href":"https:\/\/imagerie78.com\/index.php\/wp-json\/wp\/v2\/users\/2"}],"replies":[{"embeddable":true,"href":"https:\/\/imagerie78.com\/index.php\/wp-json\/wp\/v2\/comments?post=3030"}],"version-history":[{"count":7,"href":"https:\/\/imagerie78.com\/index.php\/wp-json\/wp\/v2\/pages\/3030\/revisions"}],"predecessor-version":[{"id":3046,"href":"https:\/\/imagerie78.com\/index.php\/wp-json\/wp\/v2\/pages\/3030\/revisions\/3046"}],"up":[{"embeddable":true,"href":"https:\/\/imagerie78.com\/index.php\/wp-json\/wp\/v2\/pages\/646"}],"wp:attachment":[{"href":"https:\/\/imagerie78.com\/index.php\/wp-json\/wp\/v2\/media?parent=3030"}],"curies":[{"name":"wp","href":"https:\/\/api.w.org\/{rel}","templated":true}]}}